{"id":2889,"date":"2023-06-09T07:49:09","date_gmt":"2023-06-09T07:49:09","guid":{"rendered":"https:\/\/canpamplona.com\/?page_id=2889"},"modified":"2025-12-03T16:08:12","modified_gmt":"2025-12-03T16:08:12","slug":"que-ver-en-vic","status":"publish","type":"page","link":"https:\/\/canpamplona.com\/en\/que-ver-en-vic\/","title":{"rendered":"Environment"},"content":{"rendered":"<div data-elementor-type=\"wp-page\" data-elementor-id=\"2889\" class=\"elementor elementor-2889\" data-elementor-post-type=\"page\">\n\t\t\t\t\t\t<section class=\"elementor-section elementor-top-section elementor-element elementor-element-67f1ff2c elementor-section-full_width elementor-section-height-min-height hero-lcp-wrapper elementor-section-height-default elementor-section-items-middle\" data-id=\"67f1ff2c\" data-element_type=\"section\" data-e-type=\"section\">\n\t\t\t\t\t\t<div class=\"elementor-container elementor-column-gap-no\">\n\t\t\t\t\t<div class=\"elementor-column elementor-col-100 elementor-top-column elementor-element elementor-element-31b825b8\" data-id=\"31b825b8\" data-element_type=\"column\" data-e-type=\"column\">\n\t\t\t<div class=\"elementor-widget-wrap elementor-element-populated\">\n\t\t\t\t\t\t<div class=\"elementor-element elementor-element-1671d3b5 elementor-absolute elementor-widget-mobile__width-auto elementor-widget elementor-widget-heading\" data-id=\"1671d3b5\" data-element_type=\"widget\" data-e-type=\"widget\" data-settings=\"{&quot;_position&quot;:&quot;absolute&quot;}\" data-widget_type=\"heading.default\">\n\t\t\t\t<div class=\"elementor-widget-container\">\n\t\t\t\t\t<h1 class=\"elementor-heading-title elementor-size-default\">What to see in Vic<\/h1>\t\t\t\t<\/div>\n\t\t\t\t<\/div>\n\t\t\t\t<div class=\"elementor-element elementor-element-63db408f elementor-absolute elementor-widget-mobile__width-auto elementor-widget elementor-widget-text-editor\" data-id=\"63db408f\" data-element_type=\"widget\" data-e-type=\"widget\" data-settings=\"{&quot;_position&quot;:&quot;absolute&quot;}\" data-widget_type=\"text-editor.default\">\n\t\t\t\t<div class=\"elementor-widget-container\">\n\t\t\t\t\t\t\t\t\t<p>Full of culture, history and festivals, the region of <strong>osona<\/strong> It is the ideal place for tourism. You can enjoy all kinds of activities and events throughout the year, from enjoying music on the street to tasting all kinds of artisan products.<\/p>\t\t\t\t\t\t\t\t<\/div>\n\t\t\t\t<\/div>\n\t\t\t\t<div class=\"elementor-element elementor-element-35022c19 hero-lcp elementor-widget elementor-widget-image\" data-id=\"35022c19\" data-element_type=\"widget\" data-e-type=\"widget\" decoding=\"async\" data-no-lazy=\"1\" fetchpriority=\"high\" loading=\"eager\" data-widget_type=\"image.default\">\n\t\t\t\t<div class=\"elementor-widget-container\">\n\t\t\t\t\t\t\t\t\t\t\t\t\t\t\t<img decoding=\"async\" width=\"512\" height=\"341\" src=\"https:\/\/canpamplona.com\/wp-content\/uploads\/2023\/07\/plaza-mayorde-vic.jpg\" class=\"attachment-full size-full wp-image-3322 skip-lazy hero-lcp\" alt=\"What to see in Vic 3\" srcset=\"https:\/\/canpamplona.com\/wp-content\/uploads\/2023\/07\/plaza-mayorde-vic.jpg 512w, https:\/\/canpamplona.com\/wp-content\/uploads\/2023\/07\/plaza-mayorde-vic-300x200.jpg 300w, https:\/\/canpamplona.com\/wp-content\/uploads\/2023\/07\/plaza-mayorde-vic-18x12.jpg 18w\" sizes=\"(max-width: 512px) 100vw, 512px\" data-test=\"on\" fetchpriority=\"high\" data-no-lazy=\"1\" \/>\t\t\t\t\t\t\t\t\t\t\t\t\t\t\t<\/div>\n\t\t\t\t<\/div>\n\t\t\t\t\t<\/div>\n\t\t<\/div>\n\t\t\t\t\t<\/div>\n\t\t<\/section>\n\t\t\t\t<section class=\"elementor-section elementor-top-section elementor-element elementor-element-14eeed69 elementor-section-boxed elementor-section-height-default elementor-section-height-default\" data-id=\"14eeed69\" data-element_type=\"section\" data-e-type=\"section\" data-settings=\"{&quot;background_background&quot;:&quot;classic&quot;}\">\n\t\t\t\t\t\t\t<div class=\"elementor-background-overlay\"><\/div>\n\t\t\t\t\t\t\t<div class=\"elementor-container elementor-column-gap-default\">\n\t\t\t\t\t<div class=\"elementor-column elementor-col-100 elementor-top-column elementor-element elementor-element-4de08316\" data-id=\"4de08316\" data-element_type=\"column\" data-e-type=\"column\">\n\t\t\t<div class=\"elementor-widget-wrap elementor-element-populated\">\n\t\t\t\t\t\t<div class=\"elementor-element elementor-element-51eec5d7 elementor-widget elementor-widget-heading\" data-id=\"51eec5d7\" data-element_type=\"widget\" data-e-type=\"widget\" data-widget_type=\"heading.default\">\n\t\t\t\t<div class=\"elementor-widget-container\">\n\t\t\t\t\t<h2 class=\"elementor-heading-title elementor-size-default\"><a href=\"https:\/\/booking.avirato.com\/?code=12113787\">WEB OFFER 5% every day <\/a><\/h2>\t\t\t\t<\/div>\n\t\t\t\t<\/div>\n\t\t\t\t\t<\/div>\n\t\t<\/div>\n\t\t\t\t\t<\/div>\n\t\t<\/section>\n\t\t\t\t<section class=\"elementor-section elementor-top-section elementor-element elementor-element-e5f0bbb elementor-reverse-tablet elementor-reverse-mobile elementor-section-boxed elementor-section-height-default elementor-section-height-default\" data-id=\"e5f0bbb\" data-element_type=\"section\" data-e-type=\"section\" data-settings=\"{&quot;background_background&quot;:&quot;classic&quot;}\">\n\t\t\t\t\t\t<div class=\"elementor-container elementor-column-gap-extended\">\n\t\t\t\t\t<div class=\"elementor-column elementor-col-50 elementor-top-column elementor-element elementor-element-916cd4b\" data-id=\"916cd4b\" data-element_type=\"column\" data-e-type=\"column\">\n\t\t\t<div class=\"elementor-widget-wrap elementor-element-populated\">\n\t\t\t\t\t\t<div class=\"elementor-element elementor-element-92d694f elementor-widget__width-inherit elementor-widget-mobile__width-inherit elementor-widget elementor-widget-image-box\" data-id=\"92d694f\" data-element_type=\"widget\" data-e-type=\"widget\" data-widget_type=\"image-box.default\">\n\t\t\t\t<div class=\"elementor-widget-container\">\n\t\t\t\t\t<div class=\"elementor-image-box-wrapper\"><div class=\"elementor-image-box-content\"><h2 class=\"elementor-image-box-title\">Vic, a place full of culture, fairs and activities<\/h2><\/div><\/div>\t\t\t\t<\/div>\n\t\t\t\t<\/div>\n\t\t\t\t<div class=\"elementor-element elementor-element-db45924 elementor-widget elementor-widget-heading\" data-id=\"db45924\" data-element_type=\"widget\" data-e-type=\"widget\" data-widget_type=\"heading.default\">\n\t\t\t\t<div class=\"elementor-widget-container\">\n\t\t\t\t\t<h3 class=\"elementor-heading-title elementor-size-default\">Cultural and Natural Tourism<\/h3>\t\t\t\t<\/div>\n\t\t\t\t<\/div>\n\t\t\t\t<div class=\"elementor-element elementor-element-6eb1c75 elementor-widget elementor-widget-text-editor\" data-id=\"6eb1c75\" data-element_type=\"widget\" data-e-type=\"widget\" data-widget_type=\"text-editor.default\">\n\t\t\t\t<div class=\"elementor-widget-container\">\n\t\t\t\t\t\t\t\t\t<p>In the culture section, we find several <strong>routes, museums and emblematic buildings<\/strong> to get to know Vic and the Osona region in depth. Some of the most notable structures are:<\/p><ul><li><strong>The Episcopal Museum:<\/strong> It contains one of the most important collections of medieval art in all of Europe. It consists of a total of <strong>29,000 pieces<\/strong>, of which its paintings and sculptures stand out, both Gothic and Romanesque.<\/li><li><strong>Main square<\/strong>: Also known as Mercadal. It has been used as a market place since the Middle Ages until today. In addition, multiple <strong>fairs and festivals<\/strong>.<\/li><li><strong>Comella House<\/strong>: A beautiful neo-Gothic style structure with modernist touches. It is the work of <strong>Gaieta Buigas<\/strong>, author of the monument to Christopher Columbus in Barcelona.<\/li><li><strong>the roman temple<\/strong>: Date of <strong>1st century<\/strong>, but it was not discovered until 1882, since the <strong>montcada castle<\/strong>. The walls of the current temple formed its inner courtyard.<\/li><li><strong>Vic&#039;s Cathedral<\/strong>: Originally from the 11th century. He still keeps his <strong>Bell tower<\/strong>, which is the highest in Catalonia of <strong>romantic style<\/strong>, although the cloister is closer to Gothic.<\/li><\/ul><p>And these are just some of them. In this extensive list of ancient wonders we would also have to add the town hall, the old 14th century wall, the medieval Queralt bridge, the tanneries, etc.<\/p>\t\t\t\t\t\t\t\t<\/div>\n\t\t\t\t<\/div>\n\t\t\t\t\t<\/div>\n\t\t<\/div>\n\t\t\t\t<div class=\"elementor-column elementor-col-50 elementor-top-column elementor-element elementor-element-53fc916\" data-id=\"53fc916\" data-element_type=\"column\" data-e-type=\"column\">\n\t\t\t<div class=\"elementor-widget-wrap elementor-element-populated\">\n\t\t\t\t\t\t<div class=\"elementor-element elementor-element-32581ed elementor-widget elementor-widget-image\" data-id=\"32581ed\" data-element_type=\"widget\" data-e-type=\"widget\" data-widget_type=\"image.default\">\n\t\t\t\t<div class=\"elementor-widget-container\">\n\t\t\t\t\t\t\t\t\t\t\t\t\t\t\t<img loading=\"lazy\" decoding=\"async\" width=\"612\" height=\"408\" src=\"https:\/\/canpamplona.com\/wp-content\/uploads\/2023\/06\/plaza-central-de-vic.jpg\" class=\"attachment-large size-large wp-image-3149\" alt=\"What to see in Vic 2\" srcset=\"https:\/\/canpamplona.com\/wp-content\/uploads\/2023\/06\/plaza-central-de-vic.jpg 612w, https:\/\/canpamplona.com\/wp-content\/uploads\/2023\/06\/plaza-central-de-vic-300x200.jpg 300w, https:\/\/canpamplona.com\/wp-content\/uploads\/2023\/06\/plaza-central-de-vic-18x12.jpg 18w, https:\/\/canpamplona.com\/wp-content\/uploads\/2023\/06\/plaza-central-de-vic-600x400.jpg 600w\" sizes=\"auto, (max-width: 612px) 100vw, 612px\" data-test=\"on\" \/>\t\t\t\t\t\t\t\t\t\t\t\t\t\t\t<\/div>\n\t\t\t\t<\/div>\n\t\t\t\t<div class=\"elementor-element elementor-element-eb3f9ad elementor-hidden-tablet elementor-hidden-mobile elementor-widget elementor-widget-image\" data-id=\"eb3f9ad\" data-element_type=\"widget\" data-e-type=\"widget\" data-widget_type=\"image.default\">\n\t\t\t\t<div class=\"elementor-widget-container\">\n\t\t\t\t\t\t\t\t\t\t\t\t\t\t\t<img loading=\"lazy\" decoding=\"async\" width=\"1024\" height=\"630\" src=\"https:\/\/canpamplona.com\/wp-content\/uploads\/2023\/06\/La-catedral-de-vic.jpg\" class=\"attachment-large size-large wp-image-3150\" alt=\"\" srcset=\"https:\/\/canpamplona.com\/wp-content\/uploads\/2023\/06\/La-catedral-de-vic.jpg 1024w, https:\/\/canpamplona.com\/wp-content\/uploads\/2023\/06\/La-catedral-de-vic-300x185.jpg 300w, https:\/\/canpamplona.com\/wp-content\/uploads\/2023\/06\/La-catedral-de-vic-768x473.jpg 768w, https:\/\/canpamplona.com\/wp-content\/uploads\/2023\/06\/La-catedral-de-vic-18x12.jpg 18w, https:\/\/canpamplona.com\/wp-content\/uploads\/2023\/06\/La-catedral-de-vic-600x369.jpg 600w\" sizes=\"auto, (max-width: 1024px) 100vw, 1024px\" data-test=\"on\" \/>\t\t\t\t\t\t\t\t\t\t\t\t\t\t\t<\/div>\n\t\t\t\t<\/div>\n\t\t\t\t\t<\/div>\n\t\t<\/div>\n\t\t\t\t\t<\/div>\n\t\t<\/section>\n\t\t\t\t<section class=\"elementor-section elementor-top-section elementor-element elementor-element-5475674 elementor-section-boxed elementor-section-height-default elementor-section-height-default\" data-id=\"5475674\" data-element_type=\"section\" data-e-type=\"section\">\n\t\t\t\t\t\t<div class=\"elementor-container elementor-column-gap-default\">\n\t\t\t\t\t<div class=\"elementor-column elementor-col-50 elementor-top-column elementor-element elementor-element-84af94e\" data-id=\"84af94e\" data-element_type=\"column\" data-e-type=\"column\">\n\t\t\t<div class=\"elementor-widget-wrap elementor-element-populated\">\n\t\t\t\t\t\t<div class=\"elementor-element elementor-element-d6bcd4b elementor-widget elementor-widget-image\" data-id=\"d6bcd4b\" data-element_type=\"widget\" data-e-type=\"widget\" data-widget_type=\"image.default\">\n\t\t\t\t<div class=\"elementor-widget-container\">\n\t\t\t\t\t\t\t\t\t\t\t\t\t\t\t<img loading=\"lazy\" decoding=\"async\" width=\"1021\" height=\"678\" src=\"https:\/\/canpamplona.com\/wp-content\/uploads\/2023\/06\/mercado-medieval-de-Vic.jpg\" class=\"attachment-large size-large wp-image-3151\" alt=\"\" srcset=\"https:\/\/canpamplona.com\/wp-content\/uploads\/2023\/06\/mercado-medieval-de-Vic.jpg 1021w, https:\/\/canpamplona.com\/wp-content\/uploads\/2023\/06\/mercado-medieval-de-Vic-300x199.jpg 300w, https:\/\/canpamplona.com\/wp-content\/uploads\/2023\/06\/mercado-medieval-de-Vic-768x510.jpg 768w, https:\/\/canpamplona.com\/wp-content\/uploads\/2023\/06\/mercado-medieval-de-Vic-18x12.jpg 18w, https:\/\/canpamplona.com\/wp-content\/uploads\/2023\/06\/mercado-medieval-de-Vic-600x398.jpg 600w\" sizes=\"auto, (max-width: 1021px) 100vw, 1021px\" data-test=\"on\" \/>\t\t\t\t\t\t\t\t\t\t\t\t\t\t\t<\/div>\n\t\t\t\t<\/div>\n\t\t\t\t\t<\/div>\n\t\t<\/div>\n\t\t\t\t<div class=\"elementor-column elementor-col-50 elementor-top-column elementor-element elementor-element-6f08e9b\" data-id=\"6f08e9b\" data-element_type=\"column\" data-e-type=\"column\">\n\t\t\t<div class=\"elementor-widget-wrap elementor-element-populated\">\n\t\t\t\t\t\t<div class=\"elementor-element elementor-element-b43d603 elementor-widget elementor-widget-heading\" data-id=\"b43d603\" data-element_type=\"widget\" data-e-type=\"widget\" data-widget_type=\"heading.default\">\n\t\t\t\t<div class=\"elementor-widget-container\">\n\t\t\t\t\t<h2 class=\"elementor-heading-title elementor-size-default\">Outdoor activities in Vic<\/h2>\t\t\t\t<\/div>\n\t\t\t\t<\/div>\n\t\t\t\t<div class=\"elementor-element elementor-element-49ec837 elementor-widget elementor-widget-text-editor\" data-id=\"49ec837\" data-element_type=\"widget\" data-e-type=\"widget\" data-widget_type=\"text-editor.default\">\n\t\t\t\t<div class=\"elementor-widget-container\">\n\t\t\t\t\t\t\t\t\t<p>For nature lovers, there are several <strong>routes, trails and activities in the middle of nature<\/strong> What can you do to enjoy Vic and its most natural surroundings? You can choose whether to explore <strong>foot<\/strong>, in<strong> MTB<\/strong>, in<strong> canoe<\/strong>, in<strong> quads<\/strong>, to<strong> horse<\/strong>, etc. And if you prefer heights, you can&#039;t miss the flight in <strong>balloon<\/strong>!<\/p>\t\t\t\t\t\t\t\t<\/div>\n\t\t\t\t<\/div>\n\t\t\t\t<div class=\"elementor-element elementor-element-fe199fc elementor-widget elementor-widget-heading\" data-id=\"fe199fc\" data-element_type=\"widget\" data-e-type=\"widget\" data-widget_type=\"heading.default\">\n\t\t\t\t<div class=\"elementor-widget-container\">\n\t\t\t\t\t<h2 class=\"elementor-heading-title elementor-size-default\">Festivals, Fairs and Markets<\/h2>\t\t\t\t<\/div>\n\t\t\t\t<\/div>\n\t\t\t\t<div class=\"elementor-element elementor-element-8061827 elementor-widget elementor-widget-text-editor\" data-id=\"8061827\" data-element_type=\"widget\" data-e-type=\"widget\" data-widget_type=\"text-editor.default\">\n\t\t\t\t<div class=\"elementor-widget-container\">\n\t\t\t\t\t\t\t\t\t<p>Vic is a city full of life, which throughout the year is filled with all kinds of <strong>markets, fairs and activities<\/strong> that draw attention and attract tourists from all over. Some examples of the most popular may be:<\/p><ul><li><strong>The Ram Market<\/strong>: perfect for him <strong>gastronomic tourism<\/strong> thanks to all your artisan products.<\/li><li><strong>The Live Music Market<\/strong>: where you can enjoy all kinds of <strong>music and concerts<\/strong>.<\/li><li><strong>Medieval Market<\/strong>: where we will find a wide and varied offer of food, <strong>street shows<\/strong> and all kinds of <strong>music, dances<\/strong>, trade recreations and children&#039;s activities.<\/li><\/ul>\t\t\t\t\t\t\t\t<\/div>\n\t\t\t\t<\/div>\n\t\t\t\t\t<\/div>\n\t\t<\/div>\n\t\t\t\t\t<\/div>\n\t\t<\/section>\n\t\t\t\t<section class=\"elementor-section elementor-top-section elementor-element elementor-element-92b0951 elementor-section-boxed elementor-section-height-default elementor-section-height-default\" data-id=\"92b0951\" data-element_type=\"section\" data-e-type=\"section\">\n\t\t\t\t\t\t<div class=\"elementor-container elementor-column-gap-default\">\n\t\t\t\t\t<div class=\"elementor-column elementor-col-50 elementor-top-column elementor-element elementor-element-cc50123\" data-id=\"cc50123\" data-element_type=\"column\" data-e-type=\"column\">\n\t\t\t<div class=\"elementor-widget-wrap elementor-element-populated\">\n\t\t\t\t\t\t<div class=\"elementor-element elementor-element-4ad437c elementor-widget elementor-widget-heading\" data-id=\"4ad437c\" data-element_type=\"widget\" data-e-type=\"widget\" data-widget_type=\"heading.default\">\n\t\t\t\t<div class=\"elementor-widget-container\">\n\t\t\t\t\t<h2 class=\"elementor-heading-title elementor-size-default\">Local gastronomy in Vic<\/h2>\t\t\t\t<\/div>\n\t\t\t\t<\/div>\n\t\t\t\t<div class=\"elementor-element elementor-element-ec2e6ea elementor-widget elementor-widget-text-editor\" data-id=\"ec2e6ea\" data-element_type=\"widget\" data-e-type=\"widget\" data-widget_type=\"text-editor.default\">\n\t\t\t\t<div class=\"elementor-widget-container\">\n\t\t\t\t\t\t\t\t\t<p>One of the things that make Vic most famous is his <strong>gastronomy<\/strong>, specifically the <strong>Vic&#039;s sausage<\/strong>. Also called in Catalan as <em>vic&#039;s longanissa<\/em>, is a highly acclaimed local product, which has the Protected Geographical Indication (<strong>PGI<\/strong>)<\/p><p>In the past, it was so booming that it came to have <strong>more than 30 factories<\/strong> of sausages in the center of the city. Today, only one of these remains, so the best way to get the <strong>Vic&#039;s sausage<\/strong> It is in the markets that occur in the <strong>Main Square<\/strong>, or in one of the shops in the municipality.<\/p>\t\t\t\t\t\t\t\t<\/div>\n\t\t\t\t<\/div>\n\t\t\t\t<div class=\"elementor-element elementor-element-f5fb1b3 elementor-widget elementor-widget-image\" data-id=\"f5fb1b3\" data-element_type=\"widget\" data-e-type=\"widget\" data-widget_type=\"image.default\">\n\t\t\t\t<div class=\"elementor-widget-container\">\n\t\t\t\t\t\t\t\t\t\t\t\t\t\t\t<img loading=\"lazy\" decoding=\"async\" width=\"612\" height=\"395\" src=\"https:\/\/canpamplona.com\/wp-content\/uploads\/2023\/06\/que-visitar-en-vic.jpg\" class=\"attachment-large size-large wp-image-3154\" alt=\"culture and history of Vic\" srcset=\"https:\/\/canpamplona.com\/wp-content\/uploads\/2023\/06\/que-visitar-en-vic.jpg 612w, https:\/\/canpamplona.com\/wp-content\/uploads\/2023\/06\/que-visitar-en-vic-300x194.jpg 300w, https:\/\/canpamplona.com\/wp-content\/uploads\/2023\/06\/que-visitar-en-vic-18x12.jpg 18w, https:\/\/canpamplona.com\/wp-content\/uploads\/2023\/06\/que-visitar-en-vic-600x387.jpg 600w\" sizes=\"auto, (max-width: 612px) 100vw, 612px\" data-test=\"on\" \/>\t\t\t\t\t\t\t\t\t\t\t\t\t\t\t<\/div>\n\t\t\t\t<\/div>\n\t\t\t\t\t<\/div>\n\t\t<\/div>\n\t\t\t\t<div class=\"elementor-column elementor-col-50 elementor-top-column elementor-element elementor-element-523a59c\" data-id=\"523a59c\" data-element_type=\"column\" data-e-type=\"column\">\n\t\t\t<div class=\"elementor-widget-wrap elementor-element-populated\">\n\t\t\t\t\t\t<div class=\"elementor-element elementor-element-ad36812 elementor-widget elementor-widget-image\" data-id=\"ad36812\" data-element_type=\"widget\" data-e-type=\"widget\" data-widget_type=\"image.default\">\n\t\t\t\t<div class=\"elementor-widget-container\">\n\t\t\t\t\t\t\t\t\t\t\t\t\t\t\t<img loading=\"lazy\" decoding=\"async\" width=\"1022\" height=\"678\" src=\"https:\/\/canpamplona.com\/wp-content\/uploads\/2023\/06\/mercado-en-vic.jpg\" class=\"attachment-large size-large wp-image-3153\" alt=\"\" srcset=\"https:\/\/canpamplona.com\/wp-content\/uploads\/2023\/06\/mercado-en-vic.jpg 1022w, https:\/\/canpamplona.com\/wp-content\/uploads\/2023\/06\/mercado-en-vic-300x199.jpg 300w, https:\/\/canpamplona.com\/wp-content\/uploads\/2023\/06\/mercado-en-vic-768x509.jpg 768w, https:\/\/canpamplona.com\/wp-content\/uploads\/2023\/06\/mercado-en-vic-18x12.jpg 18w, https:\/\/canpamplona.com\/wp-content\/uploads\/2023\/06\/mercado-en-vic-600x398.jpg 600w\" sizes=\"auto, (max-width: 1022px) 100vw, 1022px\" data-test=\"on\" \/>\t\t\t\t\t\t\t\t\t\t\t\t\t\t\t<\/div>\n\t\t\t\t<\/div>\n\t\t\t\t<div class=\"elementor-element elementor-element-4aabf3b elementor-widget elementor-widget-image\" data-id=\"4aabf3b\" data-element_type=\"widget\" data-e-type=\"widget\" data-widget_type=\"image.default\">\n\t\t\t\t<div class=\"elementor-widget-container\">\n\t\t\t\t\t\t\t\t\t\t\t\t\t\t\t<img loading=\"lazy\" decoding=\"async\" width=\"612\" height=\"408\" src=\"https:\/\/canpamplona.com\/wp-content\/uploads\/2023\/06\/que-ver-dentro-de-vic.jpg\" class=\"attachment-large size-large wp-image-3155\" alt=\"\" srcset=\"https:\/\/canpamplona.com\/wp-content\/uploads\/2023\/06\/que-ver-dentro-de-vic.jpg 612w, https:\/\/canpamplona.com\/wp-content\/uploads\/2023\/06\/que-ver-dentro-de-vic-300x200.jpg 300w, https:\/\/canpamplona.com\/wp-content\/uploads\/2023\/06\/que-ver-dentro-de-vic-18x12.jpg 18w, https:\/\/canpamplona.com\/wp-content\/uploads\/2023\/06\/que-ver-dentro-de-vic-600x400.jpg 600w\" sizes=\"auto, (max-width: 612px) 100vw, 612px\" data-test=\"on\" \/>\t\t\t\t\t\t\t\t\t\t\t\t\t\t\t<\/div>\n\t\t\t\t<\/div>\n\t\t\t\t\t<\/div>\n\t\t<\/div>\n\t\t\t\t\t<\/div>\n\t\t<\/section>\n\t\t\t\t<section class=\"elementor-section elementor-top-section elementor-element elementor-element-8650951 elementor-section-height-min-height elementor-section-boxed elementor-section-height-default elementor-section-items-middle\" data-id=\"8650951\" data-element_type=\"section\" data-e-type=\"section\" data-settings=\"{&quot;background_background&quot;:&quot;classic&quot;}\">\n\t\t\t\t\t\t\t<div class=\"elementor-background-overlay\"><\/div>\n\t\t\t\t\t\t\t<div class=\"elementor-container elementor-column-gap-no\">\n\t\t\t\t\t<div class=\"elementor-column elementor-col-100 elementor-top-column elementor-element elementor-element-a4e8e82\" data-id=\"a4e8e82\" data-element_type=\"column\" data-e-type=\"column\">\n\t\t\t<div class=\"elementor-widget-wrap elementor-element-populated\">\n\t\t\t\t\t\t<div class=\"elementor-element elementor-element-786ac2b elementor-widget elementor-widget-heading\" data-id=\"786ac2b\" data-element_type=\"widget\" data-e-type=\"widget\" data-widget_type=\"heading.default\">\n\t\t\t\t<div class=\"elementor-widget-container\">\n\t\t\t\t\t<h2 class=\"elementor-heading-title elementor-size-default\">Live an unforgettable experience in Vic<\/h2>\t\t\t\t<\/div>\n\t\t\t\t<\/div>\n\t\t\t\t<div class=\"elementor-element elementor-element-6b0eff6 elementor-widget elementor-widget-text-editor\" data-id=\"6b0eff6\" data-element_type=\"widget\" data-e-type=\"widget\" data-widget_type=\"text-editor.default\">\n\t\t\t\t<div class=\"elementor-widget-container\">\n\t\t\t\t\t\t\t\t\t<p>Discover Vic by the hand of our hotel Can Pamplona.<\/p><p>Subscribe to our newsletter to not miss the latest news.<\/p>\t\t\t\t\t\t\t\t<\/div>\n\t\t\t\t<\/div>\n\t\t\t\t<section class=\"elementor-section elementor-inner-section elementor-element elementor-element-382ca25 elementor-section-boxed elementor-section-height-default elementor-section-height-default\" data-id=\"382ca25\" data-element_type=\"section\" data-e-type=\"section\">\n\t\t\t\t\t\t<div class=\"elementor-container elementor-column-gap-default\">\n\t\t\t\t\t<div class=\"elementor-column elementor-col-100 elementor-inner-column elementor-element elementor-element-34bfe4c\" data-id=\"34bfe4c\" data-element_type=\"column\" data-e-type=\"column\">\n\t\t\t<div class=\"elementor-widget-wrap elementor-element-populated\">\n\t\t\t\t\t\t<div class=\"elementor-element elementor-element-acfa0d4 elementor-widget elementor-widget-shortcode\" data-id=\"acfa0d4\" data-element_type=\"widget\" data-e-type=\"widget\" data-widget_type=\"shortcode.default\">\n\t\t\t\t<div class=\"elementor-widget-container\">\n\t\t\t\t\t\t\t<div class=\"elementor-shortcode\">\n\t\t\t<form id=\"sib_signup_form_5\" method=\"post\" class=\"sib_signup_form\" action=\"\">\n\t\t\t\t<div class=\"sib_loader\" style=\"display:none;\"><img\n\t\t\t\t\t\t\tsrc=\"https:\/\/canpamplona.com\/wp-includes\/images\/spinner.gif\" alt=\"loader\"><\/div>\n\t\t\t\t<input type=\"hidden\" name=\"sib_form_action\" value=\"subscribe_form_submit\">\n\t\t\t\t<input type=\"hidden\" name=\"sib_form_id\" value=\"5\">\n                <input type=\"hidden\" name=\"sib_form_alert_notice\" value=\"Por favor rellene este campo\">\n                <input type=\"hidden\" name=\"sib_form_invalid_email_notice\" value=\"Tu direcci\u00f3n de correo electr\u00f3nico no es v\u00e1lida\">\n                <input type=\"hidden\" name=\"sib_security\" value=\"a5d74d3b3d\">\n\t\t\t\t<div class=\"sib_signup_box_inside_5\">\n\t\t\t\t\t<div style=\"\/*display:none*\/\" class=\"sib_msg_disp\">\n\t\t\t\t\t<\/div>\n                    \t\t\t\t\t<div style=\"width:100% !important\">\r\n\r\n    <p style=\"display:inline-block\"> \r\n    <label class=\"sib-email-area\"><\/label> \r\n    \r\n    <input placeholder=\"Name\" type=\"text\" class=\"sib-FIRSTNAME-area\" name=\"NAME\">\r\n<input type=\"email\" class=\"sib-email-area\" name=\"email\" placeholder=\"E-mail address\" value=\"\" required=\"required\"> \r\n<\/p>\r\n<p> \r\n    <label class=\"sib-IDIOMA-area\"><\/label> \r\n    <input id=\"idioma-input\" type=\"text\" class=\"sib-IDIOMA-area\" name=\"IDIOMA\" value=\"es\" required=\"required\"> \r\n<\/p>\r\n<p>\r\n<input type=\"checkbox\" name=\"terms\" required=\"required\"> I accept the<a href=\"https:\/\/canpamplona.com\/en\/politica-de-privacidad\/\"> terms and conditions<\/a>\r\n<\/p><p>\r\n  <input type=\"submit\" class=\"sib-default-btn\" value=\"Subscribe\">\r\n<\/p>\r\n<\/div>\t\t\t\t<\/div>\n\t\t\t<input type=\"hidden\" name=\"trp-form-language\" value=\"en\"\/><\/form>\n\t\t\t<style>\n\t\t\t\tform#sib_signup_form_5 p.sib-alert-message {\n    padding: 6px 12px;\n    margin-bottom: 20px;\n    border: 1px solid transparent;\n    border-radius: 4px;\n    -webkit-box-sizing: border-box;\n    -moz-box-sizing: border-box;\n    box-sizing: border-box;\n}\nform#sib_signup_form_5 p.sib-alert-message-error {\n    background-color: #f2dede;\n    border-color: #ebccd1;\n    color: #a94442;\n}\nform#sib_signup_form_5 p.sib-alert-message-success {\n    background-color: #dff0d8;\n    border-color: #d6e9c6;\n    color: #3c763d;\n}\nform#sib_signup_form_5 p.sib-alert-message-warning {\n    background-color: #fcf8e3;\n    border-color: #faebcc;\n    color: #8a6d3b;\n}\n\t\t\t<\/style>\n\t\t\t<\/div>\n\t\t\t\t\t\t<\/div>\n\t\t\t\t<\/div>\n\t\t\t\t\t<\/div>\n\t\t<\/div>\n\t\t\t\t\t<\/div>\n\t\t<\/section>\n\t\t\t\t\t<\/div>\n\t\t<\/div>\n\t\t\t\t\t<\/div>\n\t\t<\/section>\n\t\t\t\t<\/div>","protected":false},"excerpt":{"rendered":"<p>Qu\u00e9 ver en Vic Repleta de cultura, historia y festivales, la comarca de Osona es el lugar ideal para el turismo. Podr\u00e1s disfrutar de todo tipo de actividades y eventos a lo largo del a\u00f1o, desde disfrutar de m\u00fasica por la calle hasta degustar todo tipo de productos artesanos. OFERTA WEB 5% todos los d\u00edas [&hellip;]<\/p>\n","protected":false},"author":2,"featured_media":3329,"parent":0,"menu_order":0,"comment_status":"closed","ping_status":"closed","template":"","meta":{"site-sidebar-layout":"no-sidebar","site-content-layout":"page-builder","ast-site-content-layout":"full-width-container","site-content-style":"unboxed","site-sidebar-style":"unboxed","ast-global-header-display":"","ast-banner-title-visibility":"","ast-main-header-display":"","ast-hfb-above-header-display":"","ast-hfb-below-header-display":"","ast-hfb-mobile-header-display":"","site-post-title":"disabled","ast-breadcrumbs-content":"","ast-featured-img":"disabled","footer-sml-layout":"","theme-transparent-header-meta":"enabled","adv-header-id-meta":"","stick-header-meta":"","header-above-stick-meta":"","header-main-stick-meta":"","header-below-stick-meta":"","astra-migrate-meta-layouts":"set","ast-page-background-enabled":"default","ast-page-background-meta":{"desktop":{"background-color":"","background-image":"","background-repeat":"repeat","background-position":"center center","background-size":"auto","background-attachment":"scroll","background-type":"","background-media":"","overlay-type":"","overlay-color":"","overlay-gradient":""},"tablet":{"background-color":"","background-image":"","background-repeat":"repeat","background-position":"center center","background-size":"auto","background-attachment":"scroll","background-type":"","background-media":"","overlay-type":"","overlay-color":"","overlay-gradient":""},"mobile":{"background-color":"","background-image":"","background-repeat":"repeat","background-position":"center center","background-size":"auto","background-attachment":"scroll","background-type":"","background-media":"","overlay-type":"","overlay-color":"","overlay-gradient":""}},"ast-content-background-meta":{"desktop":{"background-color":"var(--ast-global-color-5)","background-image":"","background-repeat":"repeat","background-position":"center center","background-size":"auto","background-attachment":"scroll","background-type":"","background-media":"","overlay-type":"","overlay-color":"","overlay-gradient":""},"tablet":{"background-color":"var(--ast-global-color-5)","background-image":"","background-repeat":"repeat","background-position":"center center","background-size":"auto","background-attachment":"scroll","background-type":"","background-media":"","overlay-type":"","overlay-color":"","overlay-gradient":""},"mobile":{"background-color":"var(--ast-global-color-5)","background-image":"","background-repeat":"repeat","background-position":"center center","background-size":"auto","background-attachment":"scroll","background-type":"","background-media":"","overlay-type":"","overlay-color":"","overlay-gradient":""}},"footnotes":""},"class_list":["post-2889","page","type-page","status-publish","has-post-thumbnail","hentry"],"yoast_head":"<!-- This site is optimized with the Yoast SEO plugin v27.1.1 - https:\/\/yoast.com\/product\/yoast-seo-wordpress\/ -->\n<title>Qu\u00e9 ver en Vic: planes esenciales cerca de nuestro hotel<\/title>\n<meta name=\"description\" content=\"Descubre qu\u00e9 ver en Vic durante tu estancia: rutas culturales, museos y edificios emblem\u00e1ticos a pocos minutos del hotel. Planes perfectos para tu visita.\" \/>\n<meta name=\"robots\" content=\"index, follow, max-snippet:-1, max-image-preview:large, max-video-preview:-1\" \/>\n<link rel=\"canonical\" href=\"https:\/\/canpamplona.com\/en\/que-ver-en-vic\/\" \/>\n<meta property=\"og:locale\" content=\"en_GB\" \/>\n<meta property=\"og:type\" content=\"article\" \/>\n<meta property=\"og:title\" content=\"Qu\u00e9 ver en Vic: planes esenciales cerca de nuestro hotel\" \/>\n<meta property=\"og:description\" content=\"Descubre qu\u00e9 ver en Vic durante tu estancia: rutas culturales, museos y edificios emblem\u00e1ticos a pocos minutos del hotel. Planes perfectos para tu visita.\" \/>\n<meta property=\"og:url\" content=\"https:\/\/canpamplona.com\/en\/que-ver-en-vic\/\" \/>\n<meta property=\"og:site_name\" content=\"Hotel Can Pamplona | Hotel En Vic | Web Oficial\" \/>\n<meta property=\"article:publisher\" content=\"https:\/\/www.facebook.com\/HotelCanPamplona\" \/>\n<meta property=\"article:modified_time\" content=\"2025-12-03T16:08:12+00:00\" \/>\n<meta property=\"og:image\" content=\"https:\/\/canpamplona.com\/wp-content\/uploads\/2023\/07\/puente-medieval-queralt.jpg\" \/>\n\t<meta property=\"og:image:width\" content=\"512\" \/>\n\t<meta property=\"og:image:height\" content=\"341\" \/>\n\t<meta property=\"og:image:type\" content=\"image\/jpeg\" \/>\n<meta name=\"twitter:card\" content=\"summary_large_image\" \/>\n<meta name=\"twitter:label1\" content=\"Estimated reading time\" \/>\n\t<meta name=\"twitter:data1\" content=\"5 minutes\" \/>\n<script type=\"application\/ld+json\" class=\"yoast-schema-graph\">{\"@context\":\"https:\/\/schema.org\",\"@graph\":[{\"@type\":\"WebPage\",\"@id\":\"https:\/\/canpamplona.com\/que-ver-en-vic\/\",\"url\":\"https:\/\/canpamplona.com\/que-ver-en-vic\/\",\"name\":\"Qu\u00e9 ver en Vic: planes esenciales cerca de nuestro hotel\",\"isPartOf\":{\"@id\":\"\/#website\"},\"primaryImageOfPage\":{\"@id\":\"https:\/\/canpamplona.com\/que-ver-en-vic\/#primaryimage\"},\"image\":{\"@id\":\"https:\/\/canpamplona.com\/que-ver-en-vic\/#primaryimage\"},\"thumbnailUrl\":\"https:\/\/canpamplona.com\/wp-content\/uploads\/2023\/07\/puente-medieval-queralt.jpg\",\"datePublished\":\"2023-06-09T07:49:09+00:00\",\"dateModified\":\"2025-12-03T16:08:12+00:00\",\"description\":\"Descubre qu\u00e9 ver en Vic durante tu estancia: rutas culturales, museos y edificios emblem\u00e1ticos a pocos minutos del hotel. Planes perfectos para tu visita.\",\"breadcrumb\":{\"@id\":\"https:\/\/canpamplona.com\/que-ver-en-vic\/#breadcrumb\"},\"inLanguage\":\"en-GB\",\"potentialAction\":[{\"@type\":\"ReadAction\",\"target\":[\"https:\/\/canpamplona.com\/que-ver-en-vic\/\"]}]},{\"@type\":\"ImageObject\",\"inLanguage\":\"en-GB\",\"@id\":\"https:\/\/canpamplona.com\/que-ver-en-vic\/#primaryimage\",\"url\":\"https:\/\/canpamplona.com\/wp-content\/uploads\/2023\/07\/puente-medieval-queralt.jpg\",\"contentUrl\":\"https:\/\/canpamplona.com\/wp-content\/uploads\/2023\/07\/puente-medieval-queralt.jpg\",\"width\":512,\"height\":341},{\"@type\":\"BreadcrumbList\",\"@id\":\"https:\/\/canpamplona.com\/que-ver-en-vic\/#breadcrumb\",\"itemListElement\":[{\"@type\":\"ListItem\",\"position\":1,\"name\":\"Portada\",\"item\":\"https:\/\/canpamplona.com\/\"},{\"@type\":\"ListItem\",\"position\":2,\"name\":\"Entorno\"}]},{\"@type\":\"WebSite\",\"@id\":\"\/#website\",\"url\":\"\/\",\"name\":\"Hotel Can Pamplona | Hotel En Vic | Web Oficial\",\"description\":\"Hotel Can Pamplona es un hotel en Vic B&amp;B. Un hotel urbano rehabilitado con un estilo moderno y al precio m\u00e1s econ\u00f3mico. Reserva aqu\u00ed.\",\"publisher\":{\"@id\":\"\/#organization\"},\"potentialAction\":[{\"@type\":\"SearchAction\",\"target\":{\"@type\":\"EntryPoint\",\"urlTemplate\":\"\/?s={search_term_string}\"},\"query-input\":{\"@type\":\"PropertyValueSpecification\",\"valueRequired\":true,\"valueName\":\"search_term_string\"}}],\"inLanguage\":\"en-GB\"},{\"@type\":\"Organization\",\"@id\":\"\/#organization\",\"name\":\"Hotel Can Pamplona\",\"url\":\"\/\",\"logo\":{\"@type\":\"ImageObject\",\"inLanguage\":\"en-GB\",\"@id\":\"\/#\/schema\/logo\/image\/\",\"url\":\"https:\/\/canpamplona.com\/wp-content\/uploads\/2025\/03\/LogoCanPamplonatopocolor-02.jpg\",\"contentUrl\":\"https:\/\/canpamplona.com\/wp-content\/uploads\/2025\/03\/LogoCanPamplonatopocolor-02.jpg\",\"width\":2480,\"height\":2480,\"caption\":\"Hotel Can Pamplona\"},\"image\":{\"@id\":\"\/#\/schema\/logo\/image\/\"},\"sameAs\":[\"https:\/\/www.facebook.com\/HotelCanPamplona\",\"https:\/\/www.instagram.com\/hotelcanpamplonavic\/\"]}]}<\/script>\n<!-- \/ Yoast SEO plugin. -->","yoast_head_json":{"title":"What to see in Vic: essential plans near our hotel","description":"Discover what to see in Vic during your stay: cultural routes, museums, and iconic buildings just minutes from the hotel. Perfect plans for your visit.","robots":{"index":"index","follow":"follow","max-snippet":"max-snippet:-1","max-image-preview":"max-image-preview:large","max-video-preview":"max-video-preview:-1"},"canonical":"https:\/\/canpamplona.com\/en\/que-ver-en-vic\/","og_locale":"en_GB","og_type":"article","og_title":"Qu\u00e9 ver en Vic: planes esenciales cerca de nuestro hotel","og_description":"Descubre qu\u00e9 ver en Vic durante tu estancia: rutas culturales, museos y edificios emblem\u00e1ticos a pocos minutos del hotel. Planes perfectos para tu visita.","og_url":"https:\/\/canpamplona.com\/en\/que-ver-en-vic\/","og_site_name":"Hotel Can Pamplona | Hotel En Vic | Web Oficial","article_publisher":"https:\/\/www.facebook.com\/HotelCanPamplona","article_modified_time":"2025-12-03T16:08:12+00:00","og_image":[{"width":512,"height":341,"url":"https:\/\/canpamplona.com\/wp-content\/uploads\/2023\/07\/puente-medieval-queralt.jpg","type":"image\/jpeg"}],"twitter_card":"summary_large_image","twitter_misc":{"Estimated reading time":"5 minutes"},"schema":{"@context":"https:\/\/schema.org","@graph":[{"@type":"WebPage","@id":"https:\/\/canpamplona.com\/que-ver-en-vic\/","url":"https:\/\/canpamplona.com\/que-ver-en-vic\/","name":"What to see in Vic: essential plans near our hotel","isPartOf":{"@id":"\/#website"},"primaryImageOfPage":{"@id":"https:\/\/canpamplona.com\/que-ver-en-vic\/#primaryimage"},"image":{"@id":"https:\/\/canpamplona.com\/que-ver-en-vic\/#primaryimage"},"thumbnailUrl":"https:\/\/canpamplona.com\/wp-content\/uploads\/2023\/07\/puente-medieval-queralt.jpg","datePublished":"2023-06-09T07:49:09+00:00","dateModified":"2025-12-03T16:08:12+00:00","description":"Discover what to see in Vic during your stay: cultural routes, museums, and iconic buildings just minutes from the hotel. Perfect plans for your visit.","breadcrumb":{"@id":"https:\/\/canpamplona.com\/que-ver-en-vic\/#breadcrumb"},"inLanguage":"en-GB","potentialAction":[{"@type":"ReadAction","target":["https:\/\/canpamplona.com\/que-ver-en-vic\/"]}]},{"@type":"ImageObject","inLanguage":"en-GB","@id":"https:\/\/canpamplona.com\/que-ver-en-vic\/#primaryimage","url":"https:\/\/canpamplona.com\/wp-content\/uploads\/2023\/07\/puente-medieval-queralt.jpg","contentUrl":"https:\/\/canpamplona.com\/wp-content\/uploads\/2023\/07\/puente-medieval-queralt.jpg","width":512,"height":341},{"@type":"BreadcrumbList","@id":"https:\/\/canpamplona.com\/que-ver-en-vic\/#breadcrumb","itemListElement":[{"@type":"ListItem","position":1,"name":"Portada","item":"https:\/\/canpamplona.com\/"},{"@type":"ListItem","position":2,"name":"Entorno"}]},{"@type":"WebSite","@id":"\/#website","url":"\/","name":"Hotel Can Pamplona | Hotel In Vic | Official Web","description":"Hotel Can Pamplona is a hotel in Vic B&amp;B. An urban hotel rehabilitated with a modern style and at the most economical price. Reserve here.","publisher":{"@id":"\/#organization"},"potentialAction":[{"@type":"SearchAction","target":{"@type":"EntryPoint","urlTemplate":"\/?s={search_term_string}"},"query-input":{"@type":"PropertyValueSpecification","valueRequired":true,"valueName":"search_term_string"}}],"inLanguage":"en-GB"},{"@type":"Organization","@id":"\/#organization","name":"Hotel Can Pamplona","url":"\/","logo":{"@type":"ImageObject","inLanguage":"en-GB","@id":"\/#\/schema\/logo\/image\/","url":"https:\/\/canpamplona.com\/wp-content\/uploads\/2025\/03\/LogoCanPamplonatopocolor-02.jpg","contentUrl":"https:\/\/canpamplona.com\/wp-content\/uploads\/2025\/03\/LogoCanPamplonatopocolor-02.jpg","width":2480,"height":2480,"caption":"Hotel Can Pamplona"},"image":{"@id":"\/#\/schema\/logo\/image\/"},"sameAs":["https:\/\/www.facebook.com\/HotelCanPamplona","https:\/\/www.instagram.com\/hotelcanpamplonavic\/"]}]}},"_links":{"self":[{"href":"https:\/\/canpamplona.com\/en\/wp-json\/wp\/v2\/pages\/2889","targetHints":{"allow":["GET"]}}],"collection":[{"href":"https:\/\/canpamplona.com\/en\/wp-json\/wp\/v2\/pages"}],"about":[{"href":"https:\/\/canpamplona.com\/en\/wp-json\/wp\/v2\/types\/page"}],"author":[{"embeddable":true,"href":"https:\/\/canpamplona.com\/en\/wp-json\/wp\/v2\/users\/2"}],"replies":[{"embeddable":true,"href":"https:\/\/canpamplona.com\/en\/wp-json\/wp\/v2\/comments?post=2889"}],"version-history":[{"count":13,"href":"https:\/\/canpamplona.com\/en\/wp-json\/wp\/v2\/pages\/2889\/revisions"}],"predecessor-version":[{"id":4205,"href":"https:\/\/canpamplona.com\/en\/wp-json\/wp\/v2\/pages\/2889\/revisions\/4205"}],"wp:featuredmedia":[{"embeddable":true,"href":"https:\/\/canpamplona.com\/en\/wp-json\/wp\/v2\/media\/3329"}],"wp:attachment":[{"href":"https:\/\/canpamplona.com\/en\/wp-json\/wp\/v2\/media?parent=2889"}],"curies":[{"name":"wp","href":"https:\/\/api.w.org\/{rel}","templated":true}]}}